{"id":8371,"date":"2024-01-19T11:35:45","date_gmt":"2024-01-19T11:35:45","guid":{"rendered":"https:\/\/prophysique.qodeinteractive.com\/?page_id=8371"},"modified":"2024-07-05T14:26:07","modified_gmt":"2024-07-05T12:26:07","slug":"ania","status":"publish","type":"page","link":"https:\/\/medi-move.pl\/?page_id=8371","title":{"rendered":"Anna Wakulewicz-Zakrzewska"},"content":{"rendered":"\t\t<div data-elementor-type=\"wp-page\" data-elementor-id=\"8371\" class=\"elementor elementor-8371\" data-elementor-post-type=\"page\">\n\t\t\t\t<div class=\"elementor-element elementor-element-f56f465 e-con-full e-flex e-con e-parent\" data-id=\"f56f465\" data-element_type=\"container\">\n\t\t<div class=\"elementor-element elementor-element-8741f88 e-con-full qodef-sticky-column--enable qodef-sticky-column-snap-to--top qodef-sticky-column-disabled--1200 e-flex e-con e-child\" data-id=\"8741f88\" data-element_type=\"container\">\n\t\t\t\t<div class=\"elementor-element elementor-element-5904538 e-transform elementor-widget elementor-widget-prophysique_core_single_image\" data-id=\"5904538\" data-element_type=\"widget\" data-settings=\"{&quot;_transform_translateX_effect_mobile&quot;:{&quot;unit&quot;:&quot;px&quot;,&quot;size&quot;:0,&quot;sizes&quot;:[]},&quot;_transform_translateY_effect_mobile&quot;:{&quot;unit&quot;:&quot;%&quot;,&quot;size&quot;:-10,&quot;sizes&quot;:[]},&quot;_transform_translateX_effect&quot;:{&quot;unit&quot;:&quot;px&quot;,&quot;size&quot;:&quot;&quot;,&quot;sizes&quot;:[]},&quot;_transform_translateX_effect_tablet&quot;:{&quot;unit&quot;:&quot;px&quot;,&quot;size&quot;:&quot;&quot;,&quot;sizes&quot;:[]},&quot;_transform_translateY_effect&quot;:{&quot;unit&quot;:&quot;px&quot;,&quot;size&quot;:&quot;&quot;,&quot;sizes&quot;:[]},&quot;_transform_translateY_effect_tablet&quot;:{&quot;unit&quot;:&quot;px&quot;,&quot;size&quot;:&quot;&quot;,&quot;sizes&quot;:[]}}\" data-widget_type=\"prophysique_core_single_image.default\">\n\t\t\t\t<div class=\"elementor-widget-container\">\n\t\t\t<div class=\"qodef-shortcode qodef-m  qodef-single-image qodef-layout--default   qodef--full-height\">\n\t\t\t<div class=\"qodef-m-image\">\n\t\t\t\t\t\t\t\t<img fetchpriority=\"high\" decoding=\"async\" width=\"1500\" height=\"1500\" src=\"https:\/\/medi-move.pl\/wp-content\/uploads\/2024\/07\/Ania.jpg\" class=\"attachment-full size-full\" alt=\"\" srcset=\"https:\/\/medi-move.pl\/wp-content\/uploads\/2024\/07\/Ania.jpg 1500w, https:\/\/medi-move.pl\/wp-content\/uploads\/2024\/07\/Ania-300x300.jpg 300w, https:\/\/medi-move.pl\/wp-content\/uploads\/2024\/07\/Ania-1024x1024.jpg 1024w, https:\/\/medi-move.pl\/wp-content\/uploads\/2024\/07\/Ania-150x150.jpg 150w, https:\/\/medi-move.pl\/wp-content\/uploads\/2024\/07\/Ania-768x768.jpg 768w, https:\/\/medi-move.pl\/wp-content\/uploads\/2024\/07\/Ania-650x650.jpg 650w, https:\/\/medi-move.pl\/wp-content\/uploads\/2024\/07\/Ania-1300x1300.jpg 1300w\" sizes=\"(max-width: 1500px) 100vw, 1500px\" \/>\t\t\t\t\t\t\t<\/div>\n\t<\/div>\n\t\t<\/div>\n\t\t\t\t<\/div>\n\t\t\t\t<\/div>\n\t\t<div class=\"elementor-element elementor-element-94075dc e-con-full e-flex e-con e-child\" data-id=\"94075dc\" data-element_type=\"container\" data-settings=\"{&quot;background_background&quot;:&quot;classic&quot;}\">\n\t\t<div class=\"elementor-element elementor-element-1bd6774 e-con-full e-flex e-con e-child\" data-id=\"1bd6774\" data-element_type=\"container\" data-settings=\"{&quot;background_background&quot;:&quot;classic&quot;}\">\n\t\t\t\t<div class=\"elementor-element elementor-element-1e0f1ea elementor-widget elementor-widget-text-editor\" data-id=\"1e0f1ea\" data-element_type=\"widget\" data-settings=\"{&quot;_animation&quot;:&quot;none&quot;}\" data-widget_type=\"text-editor.default\">\n\t\t\t\t<div class=\"elementor-widget-container\">\n\t\t\t<style>\/*! elementor - v3.22.0 - 24-06-2024 *\/\n.elementor-widget-text-editor.elementor-drop-cap-view-stacked .elementor-drop-cap{background-color:#69727d;color:#fff}.elementor-widget-text-editor.elementor-drop-cap-view-framed .elementor-drop-cap{color:#69727d;border:3px solid;background-color:transparent}.elementor-widget-text-editor:not(.elementor-drop-cap-view-default) .elementor-drop-cap{margin-top:8px}.elementor-widget-text-editor:not(.elementor-drop-cap-view-default) .elementor-drop-cap-letter{width:1em;height:1em}.elementor-widget-text-editor .elementor-drop-cap{float:left;text-align:center;line-height:1;font-size:50px}.elementor-widget-text-editor .elementor-drop-cap-letter{display:inline-block}<\/style>\t\t\t\t<h3 style=\"text-align: left;\"><span style=\"color: #000000;\">Anna Wakulewicz-Zakrzewska<\/span><\/h3>\n<span style=\"color: #000000;\">Magister Fizjoterapii<\/span>\t\t\t\t\t\t<\/div>\n\t\t\t\t<\/div>\n\t\t\t\t<div class=\"elementor-element elementor-element-ec69d14 elementor-widget elementor-widget-text-editor\" data-id=\"ec69d14\" data-element_type=\"widget\" data-widget_type=\"text-editor.default\">\n\t\t\t\t<div class=\"elementor-widget-container\">\n\t\t\t\t\t\t\t<p align=\"justify\"><span style=\"color: #000000;\">\u00a0 \u00a0 \u00a0 \u00a0Jestem Absolwentk\u0105 Gda\u0144skiego Uniwerystetu Medycznego. Posiadam do\u015bwiadczenie z pacjentami ortopedycznymi, zar\u00f3wno pourazowymi jak i pooperacyjnymi. Specjalizuj\u0119 si\u0119 w szczeg\u00f3lno\u015bci w stawach obwodowych takich jak bark, kolano, staw skokowy. W swojej praktyce zajmuj\u0119 si\u0119 r\u00f3wnie\u017c wadami postawy u dzieci i m\u0142odzie\u017cy takimi jak np. wady st\u00f3p, kolan, skoliozy. Do ka\u017cdego pacjenta podchodz\u0119 indywidualnie, \u0142\u0105cz\u0105c techniki manualne i powi\u0119ziowe z prac\u0105 w funkcjonalnych wzorcach ruchowych. Wsp\u00f3\u0142pracowa\u0142am r\u00f3wnie\u017c ze sportowcami takimi jak np. \u017cu\u017clowiec Adrian Miedzi\u0144ski, a w 2018 roku pe\u0142ni\u0142am funkcj\u0119 jako fizjoterapeutka toru\u0144skiej dru\u017cyny KS Toru\u0144.<\/span><\/p>\t\t\t\t\t\t<\/div>\n\t\t\t\t<\/div>\n\t\t\t\t<div class=\"elementor-element elementor-element-61505d6 elementor-invisible elementor-widget elementor-widget-prophysique_core_button\" data-id=\"61505d6\" data-element_type=\"widget\" data-settings=\"{&quot;_animation&quot;:&quot;shake&quot;}\" data-widget_type=\"prophysique_core_button.default\">\n\t\t\t\t<div class=\"elementor-widget-container\">\n\t\t\t<a class=\"qodef-shortcode qodef-m  qodef-button qodef-layout--filled qodef-size--large qodef-html--link\" href=\"https:\/\/znajdzfizjoterapeute.pl\/fizjoterapeuta\/anna-wakulewicz-zakrzewska\/18716\" target=\"_self\" data-hover-color=\"#FFFFFF\" data-hover-background-color=\"#000000\" style=\"color: #000000;background-color: #C3A984;font-weight: 700\">\n\t<span class=\"qodef-m-text\">Um\u00f3w si\u0119 na wizyt\u0119 !<\/span>\n<\/a>\n\t\t<\/div>\n\t\t\t\t<\/div>\n\t\t\t\t<div class=\"elementor-element elementor-element-24639df elementor-widget elementor-widget-text-editor\" data-id=\"24639df\" data-element_type=\"widget\" data-widget_type=\"text-editor.default\">\n\t\t\t\t<div class=\"elementor-widget-container\">\n\t\t\t\t\t\t\t<p style=\"text-align: left;\"><strong><span style=\"color: #000000;\">Specjalizacja: <\/span><\/strong><span style=\"color: #000000;\">Rehabilitacja ortopedyczna, skoliozy, wady postawy u dzieci i m\u0142odzie\u017cy<\/span><\/p>\t\t\t\t\t\t<\/div>\n\t\t\t\t<\/div>\n\t\t\t\t<div class=\"elementor-element elementor-element-0af4645 elementor-widget elementor-widget-text-editor\" data-id=\"0af4645\" data-element_type=\"widget\" data-widget_type=\"text-editor.default\">\n\t\t\t\t<div class=\"elementor-widget-container\">\n\t\t\t\t\t\t\t<p dir=\"auto\"><strong><span style=\"color: #000000;\">Uko\u0144czone szkolenia:<\/span><\/strong><\/p><div dir=\"auto\">\u00a0<\/div><ul><li dir=\"auto\"><span style=\"color: #000000;\">PNF Basic, Advanced &#8211; Certyfikowany Terapeuta metody PNF<\/span><\/li><li dir=\"auto\"><span style=\"color: #000000;\">Anatomy Trains (I, II, Arches &amp;Legs, Fans of the Hip, Abdomen, Chest and Breath)<\/span><\/li><li dir=\"auto\"><span style=\"color: #000000;\">Badanie i fizjoterapia funkcjonalna w dysfunkcjach obr\u0119czy barkowej<\/span><\/li><li dir=\"auto\"><span style=\"color: #000000;\">Rehabilitacja w wybranych patologiach obr\u0119czy barkowej<\/span><\/li><li dir=\"auto\"><span style=\"color: #000000;\">Sympozjum obr\u0119cz barkowa- Carolina Medical Center<\/span><\/li><li dir=\"auto\"><span style=\"color: #000000;\">Rehabilitacja po rekonstrukcji wi\u0119zad\u0142a krzy\u017cowego przedniego<\/span><\/li><li dir=\"auto\"><span style=\"color: #000000;\">Kinesiology Taping<\/span><\/li><li dir=\"auto\"><span style=\"color: #000000;\">Fascial Distortion Model 1 i 2<\/span><\/li><li dir=\"auto\"><span style=\"color: #000000;\">Mulligan Concept A, B,C<\/span><\/li><li dir=\"auto\"><span style=\"color: #000000;\">Kompleksowa Terapia Przeciwobrz\u0119kowa\/ Manualny Drena\u017c Limfatyczny<\/span><\/li><li dir=\"auto\"><span style=\"color: #000000;\">FITS -Kompleksowa diagnostyka i terapia wad postawy oraz skolioz wg koncepcji Funkcjonalnej Indywidualnej Terapii Skolioz<\/span><\/li><li dir=\"auto\"><span style=\"color: #000000;\">FITS Refresh<\/span><\/li><li dir=\"auto\"><span style=\"color: #000000;\">PNF Skoliozy<\/span><\/li><li dir=\"auto\"><span style=\"color: #000000;\">Advanced Lower Limb Biomechanics Workshop<\/span><\/li><li dir=\"auto\"><span style=\"color: #000000;\">Warsztat -kontrola posturalna od bod\u017aca do ruchu<\/span><\/li><li dir=\"auto\"><span style=\"color: #000000;\">Mckenzie A,B,C,D<\/span><\/li><li dir=\"auto\"><span style=\"color: #000000;\">Podstawy neuromobilizacji nerw\u00f3w obwodowych &#8211; diagnostyka i praktyczne zastosowanie w fizjoterapii<\/span><\/li><li dir=\"auto\"><span style=\"color: #000000;\">Kinesiology taping<\/span><\/li><li dir=\"auto\"><span style=\"color: #000000;\">Instruktor Nordic Walking<\/span><\/li><\/ul>\t\t\t\t\t\t<\/div>\n\t\t\t\t<\/div>\n\t\t\t\t<div class=\"elementor-element elementor-element-640ffa5 elementor-widget elementor-widget-prophysique_core_icon_with_text\" data-id=\"640ffa5\" data-element_type=\"widget\" data-widget_type=\"prophysique_core_icon_with_text.default\">\n\t\t\t\t<div class=\"elementor-widget-container\">\n\t\t\t<div class=\"qodef-shortcode qodef-m  qodef-icon-with-text qodef-layout--before-content qodef--icon-pack  qodef--has-appear\" data-appear-delay=\"111\">\n\t<div class=\"qodef-m-icon-wrapper\" >\n\t\t<span class=\"qodef-shortcode qodef-m  qodef-icon-holder qodef-size--default qodef-layout--normal\"  >\t\t\t<a itemprop=\"url\" href=\"mailto:ania@medi-move.pl\" target=\"_self\">\t\t\t<span class=\"qodef-icon-elegant-icons icon_mail qodef-icon qodef-e\" style=\"\" ><\/span>\t\t\t<\/a>\t<\/span>\t<\/div>\n\t<div class=\"qodef-m-content\">\n\t\t\t<h6 class=\"qodef-m-title\" style=\"color: #000000\">\n\t\t\t\t\t<a itemprop=\"url\" href=\"mailto:ania@medi-move.pl\" target=\"_self\">\n\t\t\t\t\t<span class=\"qodef-m-title-text\">ania@medi-move.pl<\/span>\n\t\t\t\t\t<\/a>\n\t\t\t<\/h6>\n\t\t\t<\/div>\n<\/div>\n\t\t<\/div>\n\t\t\t\t<\/div>\n\t\t\t\t<div class=\"elementor-element elementor-element-e6bd585 elementor-widget elementor-widget-prophysique_core_icon_with_text\" data-id=\"e6bd585\" data-element_type=\"widget\" data-widget_type=\"prophysique_core_icon_with_text.default\">\n\t\t\t\t<div class=\"elementor-widget-container\">\n\t\t\t<div class=\"qodef-shortcode qodef-m  qodef-icon-with-text qodef-layout--before-content qodef--icon-pack  qodef--has-appear\" data-appear-delay=\"63\">\n\t<div class=\"qodef-m-icon-wrapper\" >\n\t\t<span class=\"qodef-shortcode qodef-m  qodef-icon-holder qodef-size--default qodef-layout--normal\"  >\t\t\t<span class=\"qodef-icon-elegant-icons icon_phone qodef-icon qodef-e\" style=\"\" ><\/span>\t<\/span>\t<\/div>\n\t<div class=\"qodef-m-content\">\n\t\t\t<h6 class=\"qodef-m-title\" >\n\t\t\t\t\t<span class=\"qodef-m-title-text\">+48 505 540 355<\/span>\n\t\t\t<\/h6>\n\t\t\t<\/div>\n<\/div>\n\t\t<\/div>\n\t\t\t\t<\/div>\n\t\t\t\t<div class=\"elementor-element elementor-element-dc88449 elementor-widget elementor-widget-prophysique_core_separator\" data-id=\"dc88449\" data-element_type=\"widget\" data-widget_type=\"prophysique_core_separator.default\">\n\t\t\t\t<div class=\"elementor-widget-container\">\n\t\t\t<div class=\"qodef-shortcode qodef-m  qodef-separator clear  qodef-show--yes qodef-show-1600--yes qodef-show-1512--yes qodef-show-1368--yes qodef-show-1200--yes qodef-show-1024--yes qodef-show-880--yes qodef-show-680--yes\">\n\t<div class=\"qodef-m-line\" style=\"margin-top: 50px\"><\/div>\n<\/div>\n\t\t<\/div>\n\t\t\t\t<\/div>\n\t\t\t\t<\/div>\n\t\t<div class=\"elementor-element elementor-element-0f8b8ce e-con-full e-flex e-con e-child\" data-id=\"0f8b8ce\" data-element_type=\"container\" data-settings=\"{&quot;background_background&quot;:&quot;classic&quot;}\">\n\t\t\t\t<div class=\"elementor-element elementor-element-a35d429 elementor-widget__width-initial animated-fast elementor-invisible elementor-widget elementor-widget-prophysique_core_icon_with_text\" data-id=\"a35d429\" data-element_type=\"widget\" data-settings=\"{&quot;_animation&quot;:&quot;fadeIn&quot;}\" data-widget_type=\"prophysique_core_icon_with_text.default\">\n\t\t\t\t<div class=\"elementor-widget-container\">\n\t\t\t<div class=\"qodef-shortcode qodef-m  qodef-icon-with-text qodef-layout--top qodef--custom-icon  qodef--has-appear qodef-alignment--left\" data-appear-delay=\"357\">\n\t<div class=\"qodef-m-icon-wrapper\">\n\t\t\t\t\t<img decoding=\"async\" width=\"540\" height=\"177\" src=\"https:\/\/medi-move.pl\/wp-content\/uploads\/2024\/06\/MediMoveLogo50b.png\" class=\"attachment-full size-full\" alt=\"\" srcset=\"https:\/\/medi-move.pl\/wp-content\/uploads\/2024\/06\/MediMoveLogo50b.png 540w, https:\/\/medi-move.pl\/wp-content\/uploads\/2024\/06\/MediMoveLogo50b-300x98.png 300w\" sizes=\"(max-width: 540px) 100vw, 540px\" \/>\t\t<\/div>\n\t<div class=\"qodef-m-content\">\n\t\t\t<p class=\"qodef-m-title\" style=\"color: #FFFFFF\">\n\t\t\t\t\t<span class=\"qodef-m-title-text\">\u201eRuch jest w stanie zast\u0105pi\u0107 prawie ka\u017cdy lek, ale wszystkie leki razem wzi\u0119te nie zast\u0105pi\u0105 ruchu\u201d<\/span>\n\t\t\t<\/p>\n\t\t\t<\/div>\n<\/div>\n\t\t<\/div>\n\t\t\t\t<\/div>\n\t\t\t\t<div class=\"elementor-element elementor-element-24d7373 elementor-widget elementor-widget-text-editor\" data-id=\"24d7373\" data-element_type=\"widget\" data-widget_type=\"text-editor.default\">\n\t\t\t\t<div class=\"elementor-widget-container\">\n\t\t\t\t\t\t\t<h6><span style=\"color: #ffffff;\">Lokalizacja<\/span><\/h6>\t\t\t\t\t\t<\/div>\n\t\t\t\t<\/div>\n\t\t\t\t<div class=\"elementor-element elementor-element-78d35dd elementor-widget elementor-widget-text-editor\" data-id=\"78d35dd\" data-element_type=\"widget\" data-widget_type=\"text-editor.default\">\n\t\t\t\t<div class=\"elementor-widget-container\">\n\t\t\t\t\t\t\t<p><span style=\"color: #ffffff;\">ul. \u017bwirki i Wigury 77, Toru\u0144<\/span><\/p>\t\t\t\t\t\t<\/div>\n\t\t\t\t<\/div>\n\t\t\t\t<\/div>\n\t\t\t\t<\/div>\n\t\t\t\t<\/div>\n\t\t\t\t<\/div>\n\t\t","protected":false},"excerpt":{"rendered":"<p>Anna Wakulewicz-Zakrzewska Magister Fizjoterapii \u00a0 \u00a0 \u00a0 \u00a0Jestem Absolwentk\u0105 Gda\u0144skiego Uniwerystetu Medycznego. Posiadam do\u015bwiadczenie z pacjentami ortopedycznymi, zar\u00f3wno pourazowymi jak i pooperacyjnymi. Specjalizuj\u0119 si\u0119 w szczeg\u00f3lno\u015bci w stawach obwodowych takich jak bark, kolano, staw skokowy. W swojej praktyce zajmuj\u0119 si\u0119 r\u00f3wnie\u017c wadami postawy u dzieci i m\u0142odzie\u017cy takimi jak np. wady st\u00f3p, kolan, skoliozy. Do [&hellip;]<\/p>\n","protected":false},"author":1,"featured_media":0,"parent":0,"menu_order":0,"comment_status":"closed","ping_status":"closed","template":"page-full-width.php","meta":{"_monsterinsights_skip_tracking":false,"footnotes":""},"class_list":["post-8371","page","type-page","status-publish","hentry"],"yoast_head":"<!-- This site is optimized with the Yoast SEO plugin v28.2 - https:\/\/yoast.com\/product\/yoast-seo-wordpress\/ -->\n<title>Anna Wakulewicz-Zakrzewska - MediMove Fizjoterapia Toru\u0144<\/title>\n<meta name=\"robots\" content=\"index, follow, max-snippet:-1, max-image-preview:large, max-video-preview:-1\" \/>\n<link rel=\"canonical\" href=\"https:\/\/medi-move.pl\/?page_id=8371\" \/>\n<meta property=\"og:locale\" content=\"pl_PL\" \/>\n<meta property=\"og:type\" content=\"article\" \/>\n<meta property=\"og:title\" content=\"Anna Wakulewicz-Zakrzewska - MediMove Fizjoterapia Toru\u0144\" \/>\n<meta property=\"og:description\" content=\"Anna Wakulewicz-Zakrzewska Magister Fizjoterapii \u00a0 \u00a0 \u00a0 \u00a0Jestem Absolwentk\u0105 Gda\u0144skiego Uniwerystetu Medycznego. Posiadam do\u015bwiadczenie z pacjentami ortopedycznymi, zar\u00f3wno pourazowymi jak i pooperacyjnymi. Specjalizuj\u0119 si\u0119 w szczeg\u00f3lno\u015bci w stawach obwodowych takich jak bark, kolano, staw skokowy. W swojej praktyce zajmuj\u0119 si\u0119 r\u00f3wnie\u017c wadami postawy u dzieci i m\u0142odzie\u017cy takimi jak np. wady st\u00f3p, kolan, skoliozy. Do [&hellip;]\" \/>\n<meta property=\"og:url\" content=\"https:\/\/medi-move.pl\/?page_id=8371\" \/>\n<meta property=\"og:site_name\" content=\"MediMove Fizjoterapia Toru\u0144\" \/>\n<meta property=\"article:publisher\" content=\"https:\/\/www.facebook.com\/profile.php?id=61563017762986\" \/>\n<meta property=\"article:modified_time\" content=\"2024-07-05T12:26:07+00:00\" \/>\n<meta property=\"og:image\" content=\"https:\/\/medi-move.pl\/wp-content\/uploads\/2024\/07\/Ania.jpg\" \/>\n<meta name=\"twitter:card\" content=\"summary_large_image\" \/>\n<meta name=\"twitter:label1\" content=\"Szacowany czas czytania\" \/>\n\t<meta name=\"twitter:data1\" content=\"1 minuta\" \/>\n<script type=\"application\/ld+json\" class=\"yoast-schema-graph\">{\"@context\":\"https:\\\/\\\/schema.org\",\"@graph\":[{\"@type\":\"WebPage\",\"@id\":\"https:\\\/\\\/medi-move.pl\\\/?page_id=8371\",\"url\":\"https:\\\/\\\/medi-move.pl\\\/?page_id=8371\",\"name\":\"Anna Wakulewicz-Zakrzewska - MediMove Fizjoterapia Toru\u0144\",\"isPartOf\":{\"@id\":\"https:\\\/\\\/medi-move.pl\\\/#website\"},\"primaryImageOfPage\":{\"@id\":\"https:\\\/\\\/medi-move.pl\\\/?page_id=8371#primaryimage\"},\"image\":{\"@id\":\"https:\\\/\\\/medi-move.pl\\\/?page_id=8371#primaryimage\"},\"thumbnailUrl\":\"https:\\\/\\\/medi-move.pl\\\/wp-content\\\/uploads\\\/2024\\\/07\\\/Ania.jpg\",\"datePublished\":\"2024-01-19T11:35:45+00:00\",\"dateModified\":\"2024-07-05T12:26:07+00:00\",\"breadcrumb\":{\"@id\":\"https:\\\/\\\/medi-move.pl\\\/?page_id=8371#breadcrumb\"},\"inLanguage\":\"pl-PL\",\"potentialAction\":[{\"@type\":\"ReadAction\",\"target\":[\"https:\\\/\\\/medi-move.pl\\\/?page_id=8371\"]}]},{\"@type\":\"ImageObject\",\"inLanguage\":\"pl-PL\",\"@id\":\"https:\\\/\\\/medi-move.pl\\\/?page_id=8371#primaryimage\",\"url\":\"https:\\\/\\\/medi-move.pl\\\/wp-content\\\/uploads\\\/2024\\\/07\\\/Ania.jpg\",\"contentUrl\":\"https:\\\/\\\/medi-move.pl\\\/wp-content\\\/uploads\\\/2024\\\/07\\\/Ania.jpg\",\"width\":1500,\"height\":1500},{\"@type\":\"BreadcrumbList\",\"@id\":\"https:\\\/\\\/medi-move.pl\\\/?page_id=8371#breadcrumb\",\"itemListElement\":[{\"@type\":\"ListItem\",\"position\":1,\"name\":\"Strona g\u0142\u00f3wna\",\"item\":\"https:\\\/\\\/medi-move.pl\\\/\"},{\"@type\":\"ListItem\",\"position\":2,\"name\":\"Anna Wakulewicz-Zakrzewska\"}]},{\"@type\":\"WebSite\",\"@id\":\"https:\\\/\\\/medi-move.pl\\\/#website\",\"url\":\"https:\\\/\\\/medi-move.pl\\\/\",\"name\":\"MediMove Fizjoterapia Toru\u0144\",\"description\":\"Fizjoterapia Toru\u0144\",\"publisher\":{\"@id\":\"https:\\\/\\\/medi-move.pl\\\/#organization\"},\"potentialAction\":[{\"@type\":\"SearchAction\",\"target\":{\"@type\":\"EntryPoint\",\"urlTemplate\":\"https:\\\/\\\/medi-move.pl\\\/?s={search_term_string}\"},\"query-input\":{\"@type\":\"PropertyValueSpecification\",\"valueRequired\":true,\"valueName\":\"search_term_string\"}}],\"inLanguage\":\"pl-PL\"},{\"@type\":\"Organization\",\"@id\":\"https:\\\/\\\/medi-move.pl\\\/#organization\",\"name\":\"MediMove Fizjoterapia Toru\u0144\",\"url\":\"https:\\\/\\\/medi-move.pl\\\/\",\"logo\":{\"@type\":\"ImageObject\",\"inLanguage\":\"pl-PL\",\"@id\":\"https:\\\/\\\/medi-move.pl\\\/#\\\/schema\\\/logo\\\/image\\\/\",\"url\":\"https:\\\/\\\/medi-move.pl\\\/wp-content\\\/uploads\\\/2024\\\/07\\\/MediMoveLogo.png\",\"contentUrl\":\"https:\\\/\\\/medi-move.pl\\\/wp-content\\\/uploads\\\/2024\\\/07\\\/MediMoveLogo.png\",\"width\":1080,\"height\":353,\"caption\":\"MediMove Fizjoterapia Toru\u0144\"},\"image\":{\"@id\":\"https:\\\/\\\/medi-move.pl\\\/#\\\/schema\\\/logo\\\/image\\\/\"},\"sameAs\":[\"https:\\\/\\\/www.facebook.com\\\/profile.php?id=61563017762986\"]}]}<\/script>\n<!-- \/ Yoast SEO plugin. -->","yoast_head_json":{"title":"Anna Wakulewicz-Zakrzewska - MediMove Fizjoterapia Toru\u0144","robots":{"index":"index","follow":"follow","max-snippet":"max-snippet:-1","max-image-preview":"max-image-preview:large","max-video-preview":"max-video-preview:-1"},"canonical":"https:\/\/medi-move.pl\/?page_id=8371","og_locale":"pl_PL","og_type":"article","og_title":"Anna Wakulewicz-Zakrzewska - MediMove Fizjoterapia Toru\u0144","og_description":"Anna Wakulewicz-Zakrzewska Magister Fizjoterapii \u00a0 \u00a0 \u00a0 \u00a0Jestem Absolwentk\u0105 Gda\u0144skiego Uniwerystetu Medycznego. Posiadam do\u015bwiadczenie z pacjentami ortopedycznymi, zar\u00f3wno pourazowymi jak i pooperacyjnymi. Specjalizuj\u0119 si\u0119 w szczeg\u00f3lno\u015bci w stawach obwodowych takich jak bark, kolano, staw skokowy. W swojej praktyce zajmuj\u0119 si\u0119 r\u00f3wnie\u017c wadami postawy u dzieci i m\u0142odzie\u017cy takimi jak np. wady st\u00f3p, kolan, skoliozy. Do [&hellip;]","og_url":"https:\/\/medi-move.pl\/?page_id=8371","og_site_name":"MediMove Fizjoterapia Toru\u0144","article_publisher":"https:\/\/www.facebook.com\/profile.php?id=61563017762986","article_modified_time":"2024-07-05T12:26:07+00:00","og_image":[{"url":"https:\/\/medi-move.pl\/wp-content\/uploads\/2024\/07\/Ania.jpg","type":"","width":"","height":""}],"twitter_card":"summary_large_image","twitter_misc":{"Szacowany czas czytania":"1 minuta"},"schema":{"@context":"https:\/\/schema.org","@graph":[{"@type":"WebPage","@id":"https:\/\/medi-move.pl\/?page_id=8371","url":"https:\/\/medi-move.pl\/?page_id=8371","name":"Anna Wakulewicz-Zakrzewska - MediMove Fizjoterapia Toru\u0144","isPartOf":{"@id":"https:\/\/medi-move.pl\/#website"},"primaryImageOfPage":{"@id":"https:\/\/medi-move.pl\/?page_id=8371#primaryimage"},"image":{"@id":"https:\/\/medi-move.pl\/?page_id=8371#primaryimage"},"thumbnailUrl":"https:\/\/medi-move.pl\/wp-content\/uploads\/2024\/07\/Ania.jpg","datePublished":"2024-01-19T11:35:45+00:00","dateModified":"2024-07-05T12:26:07+00:00","breadcrumb":{"@id":"https:\/\/medi-move.pl\/?page_id=8371#breadcrumb"},"inLanguage":"pl-PL","potentialAction":[{"@type":"ReadAction","target":["https:\/\/medi-move.pl\/?page_id=8371"]}]},{"@type":"ImageObject","inLanguage":"pl-PL","@id":"https:\/\/medi-move.pl\/?page_id=8371#primaryimage","url":"https:\/\/medi-move.pl\/wp-content\/uploads\/2024\/07\/Ania.jpg","contentUrl":"https:\/\/medi-move.pl\/wp-content\/uploads\/2024\/07\/Ania.jpg","width":1500,"height":1500},{"@type":"BreadcrumbList","@id":"https:\/\/medi-move.pl\/?page_id=8371#breadcrumb","itemListElement":[{"@type":"ListItem","position":1,"name":"Strona g\u0142\u00f3wna","item":"https:\/\/medi-move.pl\/"},{"@type":"ListItem","position":2,"name":"Anna Wakulewicz-Zakrzewska"}]},{"@type":"WebSite","@id":"https:\/\/medi-move.pl\/#website","url":"https:\/\/medi-move.pl\/","name":"MediMove Fizjoterapia Toru\u0144","description":"Fizjoterapia Toru\u0144","publisher":{"@id":"https:\/\/medi-move.pl\/#organization"},"potentialAction":[{"@type":"SearchAction","target":{"@type":"EntryPoint","urlTemplate":"https:\/\/medi-move.pl\/?s={search_term_string}"},"query-input":{"@type":"PropertyValueSpecification","valueRequired":true,"valueName":"search_term_string"}}],"inLanguage":"pl-PL"},{"@type":"Organization","@id":"https:\/\/medi-move.pl\/#organization","name":"MediMove Fizjoterapia Toru\u0144","url":"https:\/\/medi-move.pl\/","logo":{"@type":"ImageObject","inLanguage":"pl-PL","@id":"https:\/\/medi-move.pl\/#\/schema\/logo\/image\/","url":"https:\/\/medi-move.pl\/wp-content\/uploads\/2024\/07\/MediMoveLogo.png","contentUrl":"https:\/\/medi-move.pl\/wp-content\/uploads\/2024\/07\/MediMoveLogo.png","width":1080,"height":353,"caption":"MediMove Fizjoterapia Toru\u0144"},"image":{"@id":"https:\/\/medi-move.pl\/#\/schema\/logo\/image\/"},"sameAs":["https:\/\/www.facebook.com\/profile.php?id=61563017762986"]}]}},"_links":{"self":[{"href":"https:\/\/medi-move.pl\/index.php?rest_route=\/wp\/v2\/pages\/8371","targetHints":{"allow":["GET"]}}],"collection":[{"href":"https:\/\/medi-move.pl\/index.php?rest_route=\/wp\/v2\/pages"}],"about":[{"href":"https:\/\/medi-move.pl\/index.php?rest_route=\/wp\/v2\/types\/page"}],"author":[{"embeddable":true,"href":"https:\/\/medi-move.pl\/index.php?rest_route=\/wp\/v2\/users\/1"}],"replies":[{"embeddable":true,"href":"https:\/\/medi-move.pl\/index.php?rest_route=%2Fwp%2Fv2%2Fcomments&post=8371"}],"version-history":[{"count":129,"href":"https:\/\/medi-move.pl\/index.php?rest_route=\/wp\/v2\/pages\/8371\/revisions"}],"predecessor-version":[{"id":10897,"href":"https:\/\/medi-move.pl\/index.php?rest_route=\/wp\/v2\/pages\/8371\/revisions\/10897"}],"wp:attachment":[{"href":"https:\/\/medi-move.pl\/index.php?rest_route=%2Fwp%2Fv2%2Fmedia&parent=8371"}],"curies":[{"name":"wp","href":"https:\/\/api.w.org\/{rel}","templated":true}]}}